{"id":208999,"date":"2024-02-09T10:59:49","date_gmt":"2024-02-09T09:59:49","guid":{"rendered":"https:\/\/www.rpleader.com\/project\/io-so-dire-no\/"},"modified":"2024-02-23T20:15:30","modified_gmt":"2024-02-23T19:15:30","slug":"io-so-dire-no","status":"publish","type":"project","link":"https:\/\/www.rpleader.com\/es\/project\/io-so-dire-no\/","title":{"rendered":"Io so dire no"},"content":{"rendered":"<p>[et_pb_section fb_built=\u00bb1&#8243; _builder_version=\u00bb4.24.0&#8243; _module_preset=\u00bbdefault\u00bb global_colors_info=\u00bb{}\u00bb][et_pb_row column_structure=\u00bb1_2,1_2&#8243; _builder_version=\u00bb4.24.0&#8243; _module_preset=\u00bbdefault\u00bb width=\u00bb90%\u00bb max_width=\u00bb90%\u00bb global_colors_info=\u00bb{}\u00bb][et_pb_column type=\u00bb1_2&#8243; _builder_version=\u00bb4.24.0&#8243; _module_preset=\u00bbdefault\u00bb global_colors_info=\u00bb{}\u00bb][et_pb_post_title meta=\u00bboff\u00bb featured_image=\u00bboff\u00bb _builder_version=\u00bb4.24.2&#8243; _module_preset=\u00bbdefault\u00bb title_font=\u00bb|300||on|||||\u00bb title_font_size=\u00bb35px\u00bb title_line_height=\u00bb1.2em\u00bb custom_margin=\u00bb||5px||false|false\u00bb global_colors_info=\u00bb{}\u00bb][\/et_pb_post_title][et_pb_text _builder_version=\u00bb4.24.0&#8243; _module_preset=\u00bbdefault\u00bb text_font=\u00bb||||||||\u00bb text_font_size=\u00bb18px\u00bb custom_margin=\u00bb||50px||false|false\u00bb global_colors_info=\u00bb{}\u00bb]<\/p>\n<p class=\"p1\">Taller escolar sobre la Prevaricaci\u00f3n<\/p>\n<p>[\/et_pb_text][et_pb_text _builder_version=\u00bb4.24.2&#8243; _module_preset=\u00bbdefault\u00bb text_font=\u00bb|300|||||||\u00bb hover_enabled=\u00bb0&#8243; global_colors_info=\u00bb{}\u00bb sticky_enabled=\u00bb0&#8243;]<\/p>\n<p class=\"p1\">Planificaci\u00f3n &#8211; Gesti\u00f3n &#8211; Ponente<\/p>\n<p>[\/et_pb_text][et_pb_image src=\u00bbhttps:\/\/www.rpleader.com\/wp-content\/uploads\/2024\/02\/iosodireno.logo_.jpg\u00bb title_text=\u00bbIo so dire No &#8211; 1&#8243; show_in_lightbox=\u00bbon\u00bb _builder_version=\u00bb4.24.0&#8243; _module_preset=\u00bbdefault\u00bb width=\u00bb30%\u00bb max_width=\u00bb30%\u00bb border_radii=\u00bbon|10px|10px|10px|10px\u00bb box_shadow_style=\u00bbpreset3&#8243; global_colors_info=\u00bb{}\u00bb][\/et_pb_image][\/et_pb_column][et_pb_column type=\u00bb1_2&#8243; _builder_version=\u00bb4.24.0&#8243; _module_preset=\u00bbdefault\u00bb global_colors_info=\u00bb{}\u00bb][et_pb_text _builder_version=\u00bb4.24.0&#8243; _module_preset=\u00bbdefault\u00bb text_font=\u00bb|300|||||||\u00bb text_font_size=\u00bb18px\u00bb global_colors_info=\u00bb{}\u00bb]<\/p>\n<p class=\"p1\">El proyecto forma parte de las actividades para fortalecer la cultura del respeto a la persona y se centra en todos los tipos de \u2018prevaricaci\u00f3n\u2019, con especial atenci\u00f3n al fen\u00f3meno del acoso escolar.<\/p>\n<p class=\"p2\"><b><\/b><\/p>\n<p class=\"p1\">El objetivo era reafirmar el valor de la autoestima en los adolescentes, a trav\u00e9s de una serie de encuentros con expertos en comunicaci\u00f3n, psicolog\u00eda, derecho, arte.<\/p>\n<p class=\"p1\">Durante el taller se llevaron a cabo actividades de lectura, dibujo, escritura creativa y actuaci\u00f3n, para suscitar momentos de reflexi\u00f3n en los alumnos, dotarles de herramientas para reaccionar de forma sana y crear conciencia de su propio valor.<\/p>\n<p class=\"p1\">El proyecto, enmarcado en el Plan de Oferta Formativa (POF), fue planificado y gestionado por la asociaci\u00f3n sin \u00e1nimo de lucro La Terza Idea, encabezada por RP Leader.<\/p>\n<p>[\/et_pb_text][\/et_pb_column][\/et_pb_row][et_pb_row column_structure=\u00bb1_3,1_3,1_3&#8243; _builder_version=\u00bb4.24.0&#8243; _module_preset=\u00bbdefault\u00bb width=\u00bb90%\u00bb max_width=\u00bb90%\u00bb locked=\u00bboff\u00bb global_colors_info=\u00bb{}\u00bb][et_pb_column type=\u00bb1_3&#8243; _builder_version=\u00bb4.24.0&#8243; _module_preset=\u00bbdefault\u00bb global_colors_info=\u00bb{}\u00bb][et_pb_image src=\u00bbhttps:\/\/www.rpleader.com\/wp-content\/uploads\/2024\/02\/art-io-so-dire-no-1.jpg\u00bb title_text=\u00bbart-io-so-dire-no\u00bb show_in_lightbox=\u00bbon\u00bb align=\u00bbcenter\u00bb _builder_version=\u00bb4.24.0&#8243; _module_preset=\u00bbdefault\u00bb width=\u00bb60%\u00bb max_width=\u00bb60%\u00bb module_alignment=\u00bbleft\u00bb border_radii=\u00bbon|10px|10px|10px|10px\u00bb box_shadow_style=\u00bbpreset3&#8243; global_colors_info=\u00bb{}\u00bb][\/et_pb_image][\/et_pb_column][et_pb_column type=\u00bb1_3&#8243; _builder_version=\u00bb4.24.0&#8243; _module_preset=\u00bbdefault\u00bb global_colors_info=\u00bb{}\u00bb][\/et_pb_column][et_pb_column type=\u00bb1_3&#8243; _builder_version=\u00bb4.24.0&#8243; _module_preset=\u00bbdefault\u00bb global_colors_info=\u00bb{}\u00bb][\/et_pb_column][\/et_pb_row][et_pb_row _builder_version=\u00bb4.24.0&#8243; _module_preset=\u00bbdefault\u00bb locked=\u00bboff\u00bb global_colors_info=\u00bb{}\u00bb][et_pb_column type=\u00bb4_4&#8243; _builder_version=\u00bb4.24.0&#8243; _module_preset=\u00bbdefault\u00bb global_colors_info=\u00bb{}\u00bb][et_pb_button button_url=\u00bbhttps:\/\/www.rpleader.com\/es\/proyectos-sociales\/\u00bb button_text=\u00bbVolver al \u00edndice\u00bb button_alignment=\u00bbcenter\u00bb _builder_version=\u00bb4.24.0&#8243; _module_preset=\u00bbdefault\u00bb custom_button=\u00bbon\u00bb button_text_size=\u00bb18px\u00bb button_text_color=\u00bb#000000&#8243; button_bg_color=\u00bb#11CEC9&#8243; button_border_color=\u00bb#11CEC9&#8243; button_border_radius=\u00bb5px\u00bb box_shadow_style=\u00bbpreset3&#8243; global_colors_info=\u00bb{}\u00bb button_bg_color__hover_enabled=\u00bbon|desktop\u00bb button_bg_color__hover=\u00bb#F6F6EF\u00bb button_bg_enable_color__hover=\u00bbon\u00bb][\/et_pb_button][\/et_pb_column][\/et_pb_row][\/et_pb_section]<\/p>\n","protected":false},"excerpt":{"rendered":"<p>Taller escolar sobre la Prevaricaci\u00f3nPlanificaci\u00f3n &#8211; Gesti\u00f3n &#8211; PonenteEl proyecto forma parte de las actividades para fortalecer la cultura del respeto a la persona y se centra en todos los tipos de \u2018prevaricaci\u00f3n\u2019, con especial atenci\u00f3n al fen\u00f3meno del acoso escolar. El objetivo era reafirmar el valor de la autoestima en los adolescentes, a trav\u00e9s [&hellip;]<\/p>\n","protected":false},"author":2,"featured_media":0,"comment_status":"closed","ping_status":"closed","template":"","meta":{"_et_pb_use_builder":"on","_et_pb_old_content":"","_et_gb_content_width":"","footnotes":""},"project_category":[42],"project_tag":[],"class_list":["post-208999","project","type-project","status-publish","hentry","project_category-social-es"],"_links":{"self":[{"href":"https:\/\/www.rpleader.com\/es\/wp-json\/wp\/v2\/project\/208999","targetHints":{"allow":["GET"]}}],"collection":[{"href":"https:\/\/www.rpleader.com\/es\/wp-json\/wp\/v2\/project"}],"about":[{"href":"https:\/\/www.rpleader.com\/es\/wp-json\/wp\/v2\/types\/project"}],"author":[{"embeddable":true,"href":"https:\/\/www.rpleader.com\/es\/wp-json\/wp\/v2\/users\/2"}],"replies":[{"embeddable":true,"href":"https:\/\/www.rpleader.com\/es\/wp-json\/wp\/v2\/comments?post=208999"}],"version-history":[{"count":5,"href":"https:\/\/www.rpleader.com\/es\/wp-json\/wp\/v2\/project\/208999\/revisions"}],"predecessor-version":[{"id":209410,"href":"https:\/\/www.rpleader.com\/es\/wp-json\/wp\/v2\/project\/208999\/revisions\/209410"}],"wp:attachment":[{"href":"https:\/\/www.rpleader.com\/es\/wp-json\/wp\/v2\/media?parent=208999"}],"wp:term":[{"taxonomy":"project_category","embeddable":true,"href":"https:\/\/www.rpleader.com\/es\/wp-json\/wp\/v2\/project_category?post=208999"},{"taxonomy":"project_tag","embeddable":true,"href":"https:\/\/www.rpleader.com\/es\/wp-json\/wp\/v2\/project_tag?post=208999"}],"curies":[{"name":"wp","href":"https:\/\/api.w.org\/{rel}","templated":true}]}}